{"id":2708,"date":"2020-04-03T21:33:09","date_gmt":"2020-04-03T21:33:09","guid":{"rendered":"https:\/\/tarn.lpo.fr\/?page_id=2708"},"modified":"2020-09-03T21:50:36","modified_gmt":"2020-09-03T21:50:36","slug":"la-capelette-ou-le-desert-de-saint-ferreol","status":"publish","type":"page","link":"https:\/\/tarn.lpo.fr\/?page_id=2708","title":{"rendered":"La Capelette ou le D\u00e9sert de Saint F\u00e9rr\u00e9ol"},"content":{"rendered":"<p style=\"text-align: justify;\"><span style=\"font-family: Averia Libre;\"><a href=\"https:\/\/tarn.lpo.fr\/wp-content\/uploads\/2020\/01\/La-capelette.jpg\"><img loading=\"lazy\" decoding=\"async\" class=\"alignleft wp-image-1945\" src=\"https:\/\/tarn.lpo.fr\/wp-content\/uploads\/2020\/01\/La-capelette-300x199.jpg\" alt=\"\" width=\"260\" height=\"172\" srcset=\"https:\/\/tarn.lpo.fr\/wp-content\/uploads\/2020\/01\/La-capelette-300x199.jpg 300w, https:\/\/tarn.lpo.fr\/wp-content\/uploads\/2020\/01\/La-capelette.jpg 640w\" sizes=\"auto, (max-width: 260px) 100vw, 260px\" \/><\/a>C\u2019est un petit plateau calcaire sur le versant nord de la Montagne Noire, laquelle est essentiellement constitu\u00e9e de schiste et de granit. Cette originalit\u00e9 induit une faune et une flore particuli\u00e8res d\u2019affinit\u00e9s m\u00e9diterran\u00e9ennes.<\/span><\/p>\n<p style=\"text-align: justify;\"><span style=\"font-family: Averia Libre;\">Il est class\u00e9 Natura 2000, entretenu par le p\u00e2turage ovin, les arbustes qui l\u2019envahissent seront broy\u00e9s.<\/span><\/p>\n<p style=\"text-align: justify;\"><span style=\"font-family: Averia Libre;\">Le lieu est privil\u00e9gi\u00e9 pour suivre les Busards cendr\u00e9 et St Martin ainsi que le circa\u00e8te qui chassent sur la pelouse. Les oiseaux qui fr\u00e9quentent le site vont de la Fauvette pitchou au Vautour fauve. L\u2019ornitho patient y rencontrera et selon leur humeur : Fauvette passerinette, Fauvette m\u00e9lanoc\u00e9phale, Fauvette des jardins, Grand corbeau, engoulevent, Aigle bott\u00e9, Faucon hobereau, Faucon d\u2019El\u00e9onore, Pie gri\u00e8che \u00e9corcheur, Bruant jaune et bien d\u2019autres oiseaux.<\/span><\/p>\n<p style=\"text-align: justify;\"><span style=\"font-family: Averia Libre;\">La flore vari\u00e9e nourrit les chenilles et les papillons de quelques belles esp\u00e8ces comme le machaon, le citron de Provence, le demi-deuil, le paon du jour, le flamb\u00e9, l\u2019hesp\u00e9rie faux tachet\u00e9, le c\u00e9phale,\u2026<\/span><\/p>\n<p style=\"text-align: justify;\"><span style=\"font-family: Averia Libre;\">La position l\u00e9g\u00e8rement avanc\u00e9e par rapport au massif en fait un bon observatoire pour suivre la migration. C\u2019est aussi un beau point de vue sur la plaine.<\/span><\/p>\n<p style=\"text-align: justify;\">\n","protected":false},"excerpt":{"rendered":"<p>C\u2019est un petit plateau calcaire sur le versant nord de la Montagne Noire, laquelle est essentiellement constitu\u00e9e de schiste et de granit. Cette originalit\u00e9 induit une faune et une flore particuli\u00e8res d\u2019affinit\u00e9s m\u00e9diterran\u00e9ennes. Il est class\u00e9 Natura 2000, entretenu par le p\u00e2turage ovin, les arbustes qui l\u2019envahissent seront broy\u00e9s. Le lieu est privil\u00e9gi\u00e9 pour suivre &hellip; <\/p>\n<p><a class=\"more-link btn\" href=\"https:\/\/tarn.lpo.fr\/?page_id=2708\">Lire la suite<\/a><\/p>\n","protected":false},"author":7,"featured_media":0,"parent":253,"menu_order":2,"comment_status":"closed","ping_status":"closed","template":"","meta":{"ngg_post_thumbnail":0,"footnotes":""},"class_list":["post-2708","page","type-page","status-publish","hentry","nodate","item-wrap"],"_links":{"self":[{"href":"https:\/\/tarn.lpo.fr\/index.php?rest_route=\/wp\/v2\/pages\/2708","targetHints":{"allow":["GET"]}}],"collection":[{"href":"https:\/\/tarn.lpo.fr\/index.php?rest_route=\/wp\/v2\/pages"}],"about":[{"href":"https:\/\/tarn.lpo.fr\/index.php?rest_route=\/wp\/v2\/types\/page"}],"author":[{"embeddable":true,"href":"https:\/\/tarn.lpo.fr\/index.php?rest_route=\/wp\/v2\/users\/7"}],"replies":[{"embeddable":true,"href":"https:\/\/tarn.lpo.fr\/index.php?rest_route=%2Fwp%2Fv2%2Fcomments&post=2708"}],"version-history":[{"count":0,"href":"https:\/\/tarn.lpo.fr\/index.php?rest_route=\/wp\/v2\/pages\/2708\/revisions"}],"up":[{"embeddable":true,"href":"https:\/\/tarn.lpo.fr\/index.php?rest_route=\/wp\/v2\/pages\/253"}],"wp:attachment":[{"href":"https:\/\/tarn.lpo.fr\/index.php?rest_route=%2Fwp%2Fv2%2Fmedia&parent=2708"}],"curies":[{"name":"wp","href":"https:\/\/api.w.org\/{rel}","templated":true}]}}