{"id":2718,"date":"2020-04-03T21:42:51","date_gmt":"2020-04-03T21:42:51","guid":{"rendered":"https:\/\/tarn.lpo.fr\/?page_id=2718"},"modified":"2020-09-03T21:43:56","modified_gmt":"2020-09-03T21:43:56","slug":"le-massif-forestier-de-la-gresigne","status":"publish","type":"page","link":"https:\/\/tarn.lpo.fr\/?page_id=2718","title":{"rendered":"Le massif forestier de la Gr\u00e9signe"},"content":{"rendered":"<p style=\"text-align: justify;\"><span style=\"font-family: Averia Libre;\">Situ\u00e9 entre les causses du Quercy et le plateau Cordais, le massif forestier de la Gr\u00e9signe, avec ses 3 600 ha, est une des plus vastes ch\u00eanaies d\u2019Europe. G\u00e9r\u00e9e par l\u2019ONF, il a \u00e9t\u00e9 class\u00e9 dans le r\u00e9seau Natura 2000 pour ses habitats, les invert\u00e9br\u00e9s, les chauves-souris&#8230;<\/span><\/p>\n<p style=\"text-align: justify;\"><span style=\"font-family: Averia Libre;\">Beaucoup plus \u00e9tendu (27,700 ha), un autre classement Natura 2000 est intervenu en avril 2006 pour sa richesse ornithologique avec 110 esp\u00e8ces nicheuses dont 19 d\u2019Int\u00e9r\u00eat communautaire. La Chambre d\u2019agriculture et la LPO Tarn sont charg\u00e9es de l\u2019animation de ce site. Sa g\u00e9ographie au carrefour de diverses influences climatiques, sa superficie, sa g\u00e9ologie (sol gr\u00e9seux en for\u00eat, plateaux calcaires en p\u00e9riph\u00e9rie) en font un espace remarquable tant par ses paysages que sa biodiversit\u00e9. Falaises, milieux forestiers, prairies offrent des habitats favorables \u00e0 la faune et \u00e0 la flore avec plus d\u2019une centaine d\u2019oiseaux nicheurs comme le Pic mar, l\u2019Aigle bott\u00e9, le Circa\u00e8te Jean-le-Blanc, le Pouillot siffleur, le Petit-duc scops, le Martinet \u00e0 ventre blanc\u2026 En hiver, Tichodrome \u00e9chelette et Accenteur alpin fr\u00e9quentent les falaises et les vieux murs du village de Puycelsi. La diversit\u00e9 des essences, le maintien d\u2019arbres s\u00e9nescents favorise une grande richesse de col\u00e9opt\u00e8res saproxyliques, ce qui classe la Gr\u00e9signe au 3e rang europ\u00e9en. Le massif abrite aussi de petits mammif\u00e8res comme la Genette et de grands cervid\u00e9s. De la mi-septembre \u00e0 la mi-octobre, \u00e0 la tomb\u00e9e de la nuit, on peut assister au spectacle toujours impressionnant du brame du cerf.<\/span><\/p>\n","protected":false},"excerpt":{"rendered":"<p>Situ\u00e9 entre les causses du Quercy et le plateau Cordais, le massif forestier de la Gr\u00e9signe, avec ses 3 600 ha, est une des plus vastes ch\u00eanaies d\u2019Europe. G\u00e9r\u00e9e par l\u2019ONF, il a \u00e9t\u00e9 class\u00e9 dans le r\u00e9seau Natura 2000 pour ses habitats, les invert\u00e9br\u00e9s, les chauves-souris&#8230; Beaucoup plus \u00e9tendu (27,700 ha), un autre classement &hellip; <\/p>\n<p><a class=\"more-link btn\" href=\"https:\/\/tarn.lpo.fr\/?page_id=2718\">Lire la suite<\/a><\/p>\n","protected":false},"author":7,"featured_media":0,"parent":253,"menu_order":4,"comment_status":"closed","ping_status":"closed","template":"","meta":{"ngg_post_thumbnail":0,"footnotes":""},"class_list":["post-2718","page","type-page","status-publish","hentry","nodate","item-wrap"],"_links":{"self":[{"href":"https:\/\/tarn.lpo.fr\/index.php?rest_route=\/wp\/v2\/pages\/2718","targetHints":{"allow":["GET"]}}],"collection":[{"href":"https:\/\/tarn.lpo.fr\/index.php?rest_route=\/wp\/v2\/pages"}],"about":[{"href":"https:\/\/tarn.lpo.fr\/index.php?rest_route=\/wp\/v2\/types\/page"}],"author":[{"embeddable":true,"href":"https:\/\/tarn.lpo.fr\/index.php?rest_route=\/wp\/v2\/users\/7"}],"replies":[{"embeddable":true,"href":"https:\/\/tarn.lpo.fr\/index.php?rest_route=%2Fwp%2Fv2%2Fcomments&post=2718"}],"version-history":[{"count":0,"href":"https:\/\/tarn.lpo.fr\/index.php?rest_route=\/wp\/v2\/pages\/2718\/revisions"}],"up":[{"embeddable":true,"href":"https:\/\/tarn.lpo.fr\/index.php?rest_route=\/wp\/v2\/pages\/253"}],"wp:attachment":[{"href":"https:\/\/tarn.lpo.fr\/index.php?rest_route=%2Fwp%2Fv2%2Fmedia&parent=2718"}],"curies":[{"name":"wp","href":"https:\/\/api.w.org\/{rel}","templated":true}]}}