{"id":5859,"date":"2022-08-26T08:07:03","date_gmt":"2022-08-26T08:07:03","guid":{"rendered":"https:\/\/tarn.lpo.fr\/?page_id=5859"},"modified":"2023-12-09T16:19:54","modified_gmt":"2023-12-09T16:19:54","slug":"atlas-de-biodiversite-communales","status":"publish","type":"page","link":"https:\/\/tarn.lpo.fr\/?page_id=5859","title":{"rendered":"Atlas de Biodiversit\u00e9 Communale"},"content":{"rendered":"<p><span style=\"font-size: 24pt; color: #3366ff;\"><em><strong>Qu&rsquo;est-ce qu&rsquo;un ABC ?<a href=\"https:\/\/tarn.lpo.fr\/?attachment_id=5860\" rel=\"attachment wp-att-5860\"> &nbsp;&nbsp;&nbsp; <\/a><a href=\"https:\/\/tarn.lpo.fr\/?attachment_id=5860\" rel=\"attachment wp-att-5860\"><img loading=\"lazy\" decoding=\"async\" class=\"size-medium wp-image-5860 alignnone\" src=\"https:\/\/tarn.lpo.fr\/wp-content\/uploads\/2022\/08\/ABC_001-300x162.png\" alt=\"\" width=\"300\" height=\"162\" srcset=\"https:\/\/tarn.lpo.fr\/wp-content\/uploads\/2022\/08\/ABC_001-300x162.png 300w, https:\/\/tarn.lpo.fr\/wp-content\/uploads\/2022\/08\/ABC_001.png 630w\" sizes=\"auto, (max-width: 300px) 100vw, 300px\" \/><\/a><\/strong><\/em><\/span><\/p>\n<p align=\"JUSTIFY\"><span style=\"color: #000000; font-family: Averia Libre;\"><span style=\"font-size: medium;\">Un ABC est une d\u00e9marche, financ\u00e9e par l\u2019Office fran\u00e7ais de la biodiversit\u00e9, permettant \u00e0 une commune (ou communaut\u00e9 de communes) de conna\u00eetre, de pr\u00e9server, puis de valoriser son patrimoine naturel. Pour ce faire, de nombreux inventaires des milieux et esp\u00e8ces sont r\u00e9alis\u00e9s sur le territoire communal. L\u2019ensemble des acteurs (\u00e9lus, associations, citoyens, entreprises, etc.) sont appel\u00e9s \u00e0 participer afin de favoriser la pr\u00e9servation du patrimoine naturel. <\/span><\/span><\/p>\n<p align=\"JUSTIFY\"><span style=\"color: #000000; font-family: Averia Libre;\"><span style=\"font-size: medium;\"> L\u2019objectif final est de r\u00e9aliser une cartographie des enjeux de la biodiversit\u00e9 et des pr\u00e9conisations de gestion et de conservation que les communes pourront int\u00e9grer dans des <b>projets d\u2019am\u00e9nagement<\/b> et d\u2019<b>am\u00e9lioration du territoire<\/b> (Trame verte et bleue, noire, etc.).<\/span><\/span><\/p>\n<p align=\"JUSTIFY\"><span style=\"color: #000000; font-family: Averia Libre;\"><span style=\"font-size: medium;\"> La LPO Tarn a \u00e9t\u00e9 appel\u00e9e \u00e0 r\u00e9aliser les Atlas de la biodiversit\u00e9 communale de Labrugui\u00e8re et de T\u00e9cou (2021-2023). De plus, une d\u00e9marche similaire nous a \u00e9t\u00e9 confi\u00e9e par la Communaut\u00e9 d&rsquo;agglom\u00e9ration de l\u2019Albigeois (2022-2024). Ces actions sont r\u00e9alis\u00e9es, suivant les territoires, en partenariat avec d\u2019autres associations naturalistes (OPIE MP, CEN Occitanie et NEO).<\/span><\/span><\/p>\n<p align=\"JUSTIFY\"><span style=\"color: #000000; font-family: Averia Libre;\"><span style=\"font-size: medium;\"> Ainsi, la LPO Tarn offre la possibilit\u00e9 de participer \u00e0 des conf\u00e9rences et des sorties natures ou encore de contribuer \u00e0 l\u2019am\u00e9lioration des connaissances naturalistes.<\/span><\/span><\/p>\n<p align=\"JUSTIFY\"><span style=\"color: #3366ff;\"><em><strong><span style=\"font-size: 24pt;\">Vous souhaitez participer ?<\/span><\/strong><\/em><\/span><\/p>\n<ul>\n<li>\n<p align=\"JUSTIFY\"><span style=\"color: #000000; font-family: Averia Libre;\"><span style=\"font-size: medium;\"><i><u><b>Enqu\u00eates participatives&nbsp;:<\/b><\/u><\/i><\/span><\/span><\/p>\n<\/li>\n<\/ul>\n<p align=\"JUSTIFY\"><span style=\"color: #000000; font-family: Averia Libre;\"><span style=\"font-size: medium;\"> Les enqu\u00eates participatives m\u00ealent de <b>belles observations<\/b> et un <b>accroissement des<\/b> <b>connaissances<\/b> sur la<\/span><\/span><\/p>\n<p align=\"JUSTIFY\"><span style=\"color: #000000; font-family: Averia Libre;\"><span style=\"font-size: medium;\">faune sauvage (proche de chez vous) bas\u00e9es sur votre participation. En effet, vous pouvez nous aider \u00e0 contribuer \u00e0 mieux conna\u00eetre les 9 esp\u00e8ces s\u00e9lectionn\u00e9es : la Chouette hulotte, la Chev\u00eache d\u2019Ath\u00e9na, l\u2019Effraie des clochers, l\u2019Hirondelle rustique, l\u2019Hirondelle de fen\u00eatre, le Martinet noir, l\u2019Alyte accoucheur, le Triton marbr\u00e9 et la Tarente de Maur\u00e9tanie. Pour cela, rien de plus facile, il vous suffit de nous envoyer vos observations \u00e0 <span style=\"color: #004aad;\"><u><b>abc.<\/b><\/u><\/span><span style=\"color: #004aad;\"><u><b>tarn<\/b><\/u><\/span><span style=\"color: #004aad;\"><u><b>@lpo.fr<\/b><\/u><\/span> ou appeler le <span style=\"color: #004aad;\"><u><b>05.63.73.08.38<\/b><\/u><\/span>. Transmettez nous le plus d\u2019informations possibles : l\u2019<b>esp\u00e8ce<\/b>, le <b>nombre d\u2019individus<\/b>, le <b>lieu<\/b> pr\u00e9cis, la <b>date<\/b> et d&rsquo;autres informations utiles (nombre de nid(s), la pr\u00e9sence de jeunes, etc.) et n\u2019h\u00e9sitez pas \u00e0 <u>joindre des photos<\/u>. <\/span><\/span><\/p>\n<div id=\"attachment_5887\" style=\"width: 230px\" class=\"wp-caption alignleft\"><a href=\"https:\/\/tarn.lpo.fr\/?attachment_id=5887\" rel=\"attachment wp-att-5887\"><img loading=\"lazy\" decoding=\"async\" aria-describedby=\"caption-attachment-5887\" class=\" wp-image-5887\" src=\"https:\/\/tarn.lpo.fr\/wp-content\/uploads\/2022\/08\/Cheveche-dAthena-02-\u00a9-David-Alquier-300x200.jpg\" alt=\"\" width=\"230\" height=\"153\" srcset=\"https:\/\/tarn.lpo.fr\/wp-content\/uploads\/2022\/08\/Cheveche-dAthena-02-\u00a9-David-Alquier-300x200.jpg 300w, https:\/\/tarn.lpo.fr\/wp-content\/uploads\/2022\/08\/Cheveche-dAthena-02-\u00a9-David-Alquier-1024x683.jpg 1024w, https:\/\/tarn.lpo.fr\/wp-content\/uploads\/2022\/08\/Cheveche-dAthena-02-\u00a9-David-Alquier-768x512.jpg 768w, https:\/\/tarn.lpo.fr\/wp-content\/uploads\/2022\/08\/Cheveche-dAthena-02-\u00a9-David-Alquier-1536x1024.jpg 1536w, https:\/\/tarn.lpo.fr\/wp-content\/uploads\/2022\/08\/Cheveche-dAthena-02-\u00a9-David-Alquier-2048x1366.jpg 2048w, https:\/\/tarn.lpo.fr\/wp-content\/uploads\/2022\/08\/Cheveche-dAthena-02-\u00a9-David-Alquier-652x435.jpg 652w\" sizes=\"auto, (max-width: 230px) 100vw, 230px\" \/><\/a><p id=\"caption-attachment-5887\" class=\"wp-caption-text\">Chev\u00eache d&rsquo;Ath\u00e9na\u00a9 David Alquier<\/p><\/div>\n<p align=\"JUSTIFY\"><span style=\"color: #000000; font-family: Averia Libre;\"><span style=\"font-size: medium;\"><u>T\u00e9l\u00e9chargez la fiche chouettes&nbsp;:<\/u> <a href=\"https:\/\/tarn.lpo.fr\/wp-content\/uploads\/2022\/08\/Fiches-especes-enquetes-participatives-ABC-1.pdf\">ICI<\/a><\/span><\/span><\/p>\n<p align=\"JUSTIFY\"><span style=\"color: #000000; font-family: Averia Libre;\"><span style=\"font-size: medium;\"><u>T\u00e9l\u00e9chargez la fiche hirondelles et martinets :<\/u> <a href=\"https:\/\/tarn.lpo.fr\/wp-content\/uploads\/2022\/08\/Fiches-especes-enquetes-participatives-ABC-3.pdf\">ICI<\/a><\/span><\/span><\/p>\n<p align=\"JUSTIFY\"><span style=\"color: #000000; font-family: Averia Libre;\"><span style=\"font-size: medium;\"><u>T\u00e9l\u00e9chargez la fiche reptiles\/amphibiens&nbsp;:<\/u><a href=\"https:\/\/tarn.lpo.fr\/wp-content\/uploads\/2022\/08\/Fiches-especes-enquetes-participatives-ABC-2.pdf\"> ICI<\/a><\/span><\/span><\/p>\n<ul>\n<li>\n<p align=\"JUSTIFY\"><span style=\"color: #000000; font-family: Averia Libre;\"><span style=\"font-size: medium;\"><i><u><b>Pour les naturalistes plus avertis&nbsp;:<a href=\"https:\/\/tarn.lpo.fr\/?attachment_id=5880\" rel=\"attachment wp-att-5880\"><img loading=\"lazy\" decoding=\"async\" class=\" wp-image-5880 alignnone\" src=\"https:\/\/tarn.lpo.fr\/wp-content\/uploads\/2022\/08\/naturalist-300x194.png\" alt=\"\" width=\"156\" height=\"101\" srcset=\"https:\/\/tarn.lpo.fr\/wp-content\/uploads\/2022\/08\/naturalist-300x194.png 300w, https:\/\/tarn.lpo.fr\/wp-content\/uploads\/2022\/08\/naturalist.png 459w\" sizes=\"auto, (max-width: 156px) 100vw, 156px\" \/><\/a><\/b><\/u><\/i><\/span><\/span><\/p>\n<\/li>\n<\/ul>\n<p align=\"JUSTIFY\"><span style=\"color: #000000; font-family: Averia Libre;\"><span style=\"font-size: medium;\"> Pour nous aider \u00e0 <b>enrichir<\/b> les donn\u00e9es accumul\u00e9es sur les communes vous pouvez nous transmettre<b> vos observa<\/b><b>tions<\/b> de l\u2019ensemble des esp\u00e8ces de faune afin d\u2019alimenter notre base de donn\u00e9es naturalistes en ligne <a href=\"https:\/\/www.faune-occitanie.org\/\" target=\"_blank\" rel=\"noopener\">https:\/\/www.faune-occitanie.org<\/a> <\/span><\/span><\/p>\n<div id=\"attachment_5888\" style=\"width: 231px\" class=\"wp-caption alignleft\"><a href=\"https:\/\/tarn.lpo.fr\/?attachment_id=5888\" rel=\"attachment wp-att-5888\"><img loading=\"lazy\" decoding=\"async\" aria-describedby=\"caption-attachment-5888\" class=\" wp-image-5888\" src=\"https:\/\/tarn.lpo.fr\/wp-content\/uploads\/2022\/08\/Pelodyte-Ponctue-David-Alquier-2-300x200.jpg\" alt=\"\" width=\"231\" height=\"154\" srcset=\"https:\/\/tarn.lpo.fr\/wp-content\/uploads\/2022\/08\/Pelodyte-Ponctue-David-Alquier-2-300x200.jpg 300w, https:\/\/tarn.lpo.fr\/wp-content\/uploads\/2022\/08\/Pelodyte-Ponctue-David-Alquier-2-1024x683.jpg 1024w, https:\/\/tarn.lpo.fr\/wp-content\/uploads\/2022\/08\/Pelodyte-Ponctue-David-Alquier-2-768x512.jpg 768w, https:\/\/tarn.lpo.fr\/wp-content\/uploads\/2022\/08\/Pelodyte-Ponctue-David-Alquier-2-1536x1024.jpg 1536w, https:\/\/tarn.lpo.fr\/wp-content\/uploads\/2022\/08\/Pelodyte-Ponctue-David-Alquier-2-2048x1365.jpg 2048w, https:\/\/tarn.lpo.fr\/wp-content\/uploads\/2022\/08\/Pelodyte-Ponctue-David-Alquier-2-652x435.jpg 652w\" sizes=\"auto, (max-width: 231px) 100vw, 231px\" \/><\/a><p id=\"caption-attachment-5888\" class=\"wp-caption-text\">Pelodyte Ponctu\u00e9 &#8211; David Alquier<\/p><\/div>\n<p align=\"JUSTIFY\"><span style=\"color: #000000; font-family: Averia Libre;\"><span style=\"font-size: medium;\">L\u2019application mobile <b>NaturaList<\/b> est tr\u00e8s pratique d\u2019utilisation car la plateforme permet la saisie et la transmission de vos observations directement sur le terrain. Afin de mieux comprendre son fonctionnement, vous nous invitons \u00e0 visionner l\u2019explication de la LPO PACA : <a href=\"https:\/\/youtu.be\/stD8lWfMEOI\" target=\"_blank\" rel=\"noopener\"><span style=\"color: #0563c1;\"><u>https:\/\/youtu.be\/stD8lWfMEOI<\/u><\/span><\/a>.<\/span><\/span><\/p>\n<p align=\"JUSTIFY\"><span style=\"color: #000000; font-family: Averia Libre;\"><span style=\"font-size: medium;\"> N\u2019oubliez pas de noter toutes les esp\u00e8ces que vous croisez (les esp\u00e8ces communes comme les prioritaires). Cela nous aide \u00e0 mieux comprendre l\u2019\u00e9volution de chaque population d\u2019esp\u00e8ces sur le long terme et <i>in fine<\/i> pouvoir les prot\u00e9ger au mieux.<\/span><\/span><\/p>\n<p align=\"JUSTIFY\"><span style=\"color: #000000; font-family: Averia Libre;\"><span style=\"font-size: medium;\"><span style=\"color: #b85c00;\"><u><b>Attention :<\/b><\/u><\/span> <span style=\"color: #b85c00;\">l\u2019application ne convient pas aux d\u00e9butants car elle ne permet pas de les aider dans leur identification d\u2019esp\u00e8ces.<\/span><\/span><\/span><\/p>\n<p align=\"JUSTIFY\"><span style=\"font-family: Averia Libre;\"><span style=\"color: #000000;\"><span style=\"font-size: medium;\"><b>P<\/b><\/span><\/span><span style=\"color: #000000;\"><span style=\"font-size: medium;\"><b>our plus d\u2019informations&nbsp;: <\/b><\/span><\/span><a href=\"mailto:abc.tarn@lpo.fr\">abc.tarn@lpo.fr<\/a><span style=\"color: #000000;\"><span style=\"font-size: medium;\"> ou 05.63.73.08.38<\/span><\/span><\/span><\/p>\n<p align=\"JUSTIFY\"><span style=\"color: #000000; font-family: Averia Libre;\"><span style=\"font-size: medium;\">Bonnes prospections \u00e0 tous et merci d\u2019avance pour votre participation&nbsp;!<\/span><\/span><\/p>\n<p align=\"JUSTIFY\"><strong><span style=\"color: #000000; font-family: Averia Libre;\"><span style=\"font-size: medium;\"><u>Avec le soutien de<\/u><\/span><\/span> :<\/strong><\/p>\n<p align=\"JUSTIFY\"><a href=\"https:\/\/tarn.lpo.fr\/?attachment_id=5865\" rel=\"attachment wp-att-5865\"><img loading=\"lazy\" decoding=\"async\" class=\"alignleft size-medium wp-image-5865\" src=\"https:\/\/tarn.lpo.fr\/wp-content\/uploads\/2022\/08\/OFB-1-300x123.png\" alt=\"\" width=\"300\" height=\"123\" srcset=\"https:\/\/tarn.lpo.fr\/wp-content\/uploads\/2022\/08\/OFB-1-300x123.png 300w, https:\/\/tarn.lpo.fr\/wp-content\/uploads\/2022\/08\/OFB-1.png 371w\" sizes=\"auto, (max-width: 300px) 100vw, 300px\" \/><\/a><a href=\"https:\/\/tarn.lpo.fr\/?attachment_id=5866\" rel=\"attachment wp-att-5866\"><img loading=\"lazy\" decoding=\"async\" class=\"alignleft wp-image-5866\" src=\"https:\/\/tarn.lpo.fr\/wp-content\/uploads\/2022\/08\/France-relance.png\" alt=\"\" width=\"97\" height=\"97\" srcset=\"https:\/\/tarn.lpo.fr\/wp-content\/uploads\/2022\/08\/France-relance.png 260w, https:\/\/tarn.lpo.fr\/wp-content\/uploads\/2022\/08\/France-relance-150x150.png 150w\" sizes=\"auto, (max-width: 97px) 100vw, 97px\" \/><\/a><\/p>\n<p align=\"JUSTIFY\">&nbsp;<\/p>\n<p align=\"JUSTIFY\">&nbsp;<\/p>\n<p align=\"JUSTIFY\">&nbsp;<\/p>\n<p align=\"JUSTIFY\">&nbsp;<\/p>\n<p align=\"JUSTIFY\">&nbsp;<\/p>\n<p align=\"JUSTIFY\">&nbsp;<\/p>\n<p align=\"JUSTIFY\"><a href=\"https:\/\/tarn.lpo.fr\/?attachment_id=5868\" rel=\"attachment wp-att-5868\"><img loading=\"lazy\" decoding=\"async\" class=\"alignleft wp-image-5868\" src=\"https:\/\/tarn.lpo.fr\/wp-content\/uploads\/2022\/08\/Mairie-de-Tecou.jpg\" alt=\"\" width=\"140\" height=\"159\"><\/a><a href=\"https:\/\/tarn.lpo.fr\/?attachment_id=5869\" rel=\"attachment wp-att-5869\"><img loading=\"lazy\" decoding=\"async\" class=\"alignleft wp-image-5869\" src=\"https:\/\/tarn.lpo.fr\/wp-content\/uploads\/2022\/08\/Ville-de-Labruguiere-229x300.png\" alt=\"\" width=\"123\" height=\"161\" srcset=\"https:\/\/tarn.lpo.fr\/wp-content\/uploads\/2022\/08\/Ville-de-Labruguiere-229x300.png 229w, https:\/\/tarn.lpo.fr\/wp-content\/uploads\/2022\/08\/Ville-de-Labruguiere-782x1024.png 782w, https:\/\/tarn.lpo.fr\/wp-content\/uploads\/2022\/08\/Ville-de-Labruguiere-768x1006.png 768w, https:\/\/tarn.lpo.fr\/wp-content\/uploads\/2022\/08\/Ville-de-Labruguiere-652x854.png 652w, https:\/\/tarn.lpo.fr\/wp-content\/uploads\/2022\/08\/Ville-de-Labruguiere.png 785w\" sizes=\"auto, (max-width: 123px) 100vw, 123px\" \/><\/a><a href=\"https:\/\/tarn.lpo.fr\/?attachment_id=5870\" rel=\"attachment wp-att-5870\"><img loading=\"lazy\" decoding=\"async\" class=\"size-full wp-image-5870 alignnone\" src=\"https:\/\/tarn.lpo.fr\/wp-content\/uploads\/2022\/08\/ALBI.png\" alt=\"\" width=\"288\" height=\"199\"><\/a><\/p>\n<p align=\"JUSTIFY\"><strong><span style=\"color: #000000; font-family: Averia Libre;\"><span style=\"font-size: medium;\"><u>En partenariat avec&nbsp;:<\/u><\/span><\/span><\/strong><\/p>\n<p align=\"JUSTIFY\"><a href=\"https:\/\/tarn.lpo.fr\/?attachment_id=5871\" rel=\"attachment wp-att-5871\"><img loading=\"lazy\" decoding=\"async\" class=\"alignleft size-full wp-image-5871\" src=\"https:\/\/tarn.lpo.fr\/wp-content\/uploads\/2022\/08\/NEO.png\" alt=\"\" width=\"118\" height=\"140\"><\/a><a href=\"https:\/\/tarn.lpo.fr\/?attachment_id=5872\" rel=\"attachment wp-att-5872\"><img loading=\"lazy\" decoding=\"async\" class=\"alignleft wp-image-5872\" src=\"https:\/\/tarn.lpo.fr\/wp-content\/uploads\/2022\/08\/OPIE-300x300.png\" alt=\"\" width=\"130\" height=\"130\" srcset=\"https:\/\/tarn.lpo.fr\/wp-content\/uploads\/2022\/08\/OPIE-300x300.png 300w, https:\/\/tarn.lpo.fr\/wp-content\/uploads\/2022\/08\/OPIE-150x150.png 150w, https:\/\/tarn.lpo.fr\/wp-content\/uploads\/2022\/08\/OPIE-768x768.png 768w, https:\/\/tarn.lpo.fr\/wp-content\/uploads\/2022\/08\/OPIE-652x652.png 652w, https:\/\/tarn.lpo.fr\/wp-content\/uploads\/2022\/08\/OPIE.png 1000w\" sizes=\"auto, (max-width: 130px) 100vw, 130px\" \/><\/a><\/p>\n<p align=\"JUSTIFY\"><a href=\"https:\/\/tarn.lpo.fr\/?attachment_id=5873\" rel=\"attachment wp-att-5873\"><img loading=\"lazy\" decoding=\"async\" class=\"alignleft wp-image-5873\" src=\"https:\/\/tarn.lpo.fr\/wp-content\/uploads\/2022\/08\/CEN-300x123.jpg\" alt=\"\" width=\"261\" height=\"107\" srcset=\"https:\/\/tarn.lpo.fr\/wp-content\/uploads\/2022\/08\/CEN-300x123.jpg 300w, https:\/\/tarn.lpo.fr\/wp-content\/uploads\/2022\/08\/CEN.jpg 474w\" sizes=\"auto, (max-width: 261px) 100vw, 261px\" \/><\/a><\/p>\n","protected":false},"excerpt":{"rendered":"<p>Qu&rsquo;est-ce qu&rsquo;un ABC ? &nbsp;&nbsp;&nbsp; Un ABC est une d\u00e9marche, financ\u00e9e par l\u2019Office fran\u00e7ais de la biodiversit\u00e9, permettant \u00e0 une commune (ou communaut\u00e9 de communes) de conna\u00eetre, de pr\u00e9server, puis de valoriser son patrimoine naturel. Pour ce faire, de nombreux inventaires des milieux et esp\u00e8ces sont r\u00e9alis\u00e9s sur le territoire communal. L\u2019ensemble des acteurs (\u00e9lus, &hellip; <\/p>\n<p><a class=\"more-link btn\" href=\"https:\/\/tarn.lpo.fr\/?page_id=5859\">Lire la suite<\/a><\/p>\n","protected":false},"author":7,"featured_media":0,"parent":323,"menu_order":5,"comment_status":"closed","ping_status":"closed","template":"","meta":{"ngg_post_thumbnail":0,"footnotes":""},"class_list":["post-5859","page","type-page","status-publish","hentry","nodate","item-wrap"],"_links":{"self":[{"href":"https:\/\/tarn.lpo.fr\/index.php?rest_route=\/wp\/v2\/pages\/5859","targetHints":{"allow":["GET"]}}],"collection":[{"href":"https:\/\/tarn.lpo.fr\/index.php?rest_route=\/wp\/v2\/pages"}],"about":[{"href":"https:\/\/tarn.lpo.fr\/index.php?rest_route=\/wp\/v2\/types\/page"}],"author":[{"embeddable":true,"href":"https:\/\/tarn.lpo.fr\/index.php?rest_route=\/wp\/v2\/users\/7"}],"replies":[{"embeddable":true,"href":"https:\/\/tarn.lpo.fr\/index.php?rest_route=%2Fwp%2Fv2%2Fcomments&post=5859"}],"version-history":[{"count":0,"href":"https:\/\/tarn.lpo.fr\/index.php?rest_route=\/wp\/v2\/pages\/5859\/revisions"}],"up":[{"embeddable":true,"href":"https:\/\/tarn.lpo.fr\/index.php?rest_route=\/wp\/v2\/pages\/323"}],"wp:attachment":[{"href":"https:\/\/tarn.lpo.fr\/index.php?rest_route=%2Fwp%2Fv2%2Fmedia&parent=5859"}],"curies":[{"name":"wp","href":"https:\/\/api.w.org\/{rel}","templated":true}]}}